{"id":5876,"date":"2023-11-21T15:10:27","date_gmt":"2023-11-21T20:10:27","guid":{"rendered":"https:\/\/prbany.com\/?post_type=announcement&#038;p=5876"},"modified":"2023-11-21T15:15:21","modified_gmt":"2023-11-21T20:15:21","slug":"court-system-names-antonio-seda-managing-inspector-general-for-bias-matters","status":"publish","type":"announcement","link":"https:\/\/prbany.com\/es\/announcement\/court-system-names-antonio-seda-managing-inspector-general-for-bias-matters\/","title":{"rendered":"El sistema judicial nombra a Antonio Seda Inspector General para asuntos de parcialidad"},"content":{"rendered":"<p>NUEVA YORK-El juez jefe administrativo Joseph A. Zayas anunci\u00f3 hoy el nombramiento de Antonio Seda como inspector general gerente para asuntos de parcialidad de la Oficina del Inspector General (OIG) del sistema judicial, que opera dentro de la Oficina de Administraci\u00f3n Judicial (OCA). El Sr. Seda ocupar\u00e1 la vacante dejada por Kay-Ann Porter Campbell, nombrada recientemente Inspectora General de la OCA.<\/p>\n\n\n\n<p>Como Inspector General de Asuntos de Prejuicios y bajo las \u00f3rdenes de la Sra. Porter Campbell, el Sr. Seda supervisar\u00e1 la Oficina del Inspector General de Asuntos de Prejuicios de la OIG, que investiga las denuncias de prejuicios basados en la raza, el sexo, la edad, el estado civil, la discapacidad, el origen nacional, la religi\u00f3n, el estado militar, la expresi\u00f3n de g\u00e9nero o la disforia de g\u00e9nero que afectan al lugar de trabajo, incluidos los actos relacionados con los servicios prestados al p\u00fablico por el personal del sistema judicial. En calidad de tal, dirigir\u00e1 y supervisar\u00e1 las investigaciones de las denuncias formales de prejuicios relacionados con el trabajo que afecten a cualquier juez o empleado no judicial del Sistema Judicial Unificado; actuar\u00e1 como enlace con los organismos federales, estatales y locales encargados de hacer cumplir la ley y con los organismos reguladores; asesorar\u00e1 a los administradores de los tribunales sobre pol\u00edticas y mejores pr\u00e1cticas contra los prejuicios; desarrollar\u00e1 e impartir\u00e1 formaci\u00f3n contra los prejuicios para jueces y personal no judicial; y representar\u00e1 a la oficina en todo el estado en reuniones, seminarios y actos de divulgaci\u00f3n p\u00fablica.<\/p>\n\n\n\n<p>\"El Sr. Seda es un abogado consumado con amplia experiencia en investigaci\u00f3n, s\u00f3lidas dotes de liderazgo y un profundo compromiso con la erradicaci\u00f3n de los prejuicios sist\u00e9micos y el fomento de la diversidad y la inclusi\u00f3n en el lugar de trabajo y fuera de \u00e9l. Es un innovador y un gu\u00eda y mentor de confianza, bien considerado por sus colegas y otras personas por su enfoque colaborativo, su trabajo duro y su integridad. En nombre del equipo directivo del tribunal y de toda nuestra familia judicial, estoy encantado de darle la bienvenida al sistema judicial y espero que trabajemos juntos para promover un entorno seguro, diverso e integrador en los juzgados y las instalaciones judiciales de todo el estado\", dijo el juez jefe administrativo Zayas.<\/p>\n\n\n\n<p>\"El trabajo de la Oficina del Inspector General para Asuntos de Prejuicios es esencial para los esfuerzos de todo el sistema de los tribunales del estado de Nueva York para garantizar el acceso a la justicia para todos, independientemente de sus antecedentes o circunstancias. Adem\u00e1s de su excelente car\u00e1cter y su sincero compromiso con el servicio p\u00fablico y la lucha contra los prejuicios, el Sr. Seda aporta a este puesto clave una profunda experiencia, incluido un profundo conocimiento de las pr\u00e1cticas y operaciones del sistema judicial de Nueva York, adquirido a lo largo de sus muchos a\u00f1os como abogado litigante y fiscal. No cabe duda de que ser\u00e1 un activo para la OIG, la OCA y todo el sistema judicial\", declar\u00f3 el Primer Juez Administrativo Adjunto Norman St.<\/p>\n\n\n\n<p>\"Espero tener el privilegio de trabajar estrechamente y en colaboraci\u00f3n con el Inspector General Porter Campbell, el equipo de la OIG, la direcci\u00f3n de la OCA y todas las partes interesadas para seguir avanzando en los esfuerzos e iniciativas contra los prejuicios, erradicar y eliminar los prejuicios dentro del sistema judicial y fomentar la confianza del p\u00fablico en los tribunales. Como antiguo abogado litigante, tengo d\u00e9cadas de experiencia en los tribunales de Nueva York y creo que hemos llegado a un punto de inflexi\u00f3n con un nuevo equipo de liderazgo que har\u00e1 que el sistema judicial sea m\u00e1s equitativo, diverso e inclusivo\", dijo el Sr. Seda.<\/p>\n\n\n\n<p>El Sr. Seda cuenta con una amplia experiencia en EEO, investigaciones y formaci\u00f3n en DEI, adquirida a lo largo de m\u00e1s de una d\u00e9cada de servicio a la Metropolitan Transportation Authority-New York City Transit's Manhattan and Bronx Surface Transit Operating Authority, donde ocup\u00f3 diversos puestos, entre ellos el de Vicepresidente Adjunto de Investigaciones de EEO; Jefe Adjunto de Oficinas de EEO, Departamento de Igualdad de Oportunidades de Empleo y Diversidad; y Consejero General Adjunto, Departamento Jur\u00eddico, Divisi\u00f3n de Trabajo y Empleo. Su trabajo contra los prejuicios incluye la supervisi\u00f3n de las investigaciones, conclusiones y determinaciones de aproximadamente 750 quejas formales por prejuicios, la gesti\u00f3n de la impartici\u00f3n de m\u00f3dulos de formaci\u00f3n sobre EEO y lugares de trabajo respetuosos e inclusivos, la orientaci\u00f3n sobre pol\u00edticas y mejores pr\u00e1cticas contra los prejuicios, la racionalizaci\u00f3n de los procesos de investigaci\u00f3n, la creaci\u00f3n de un programa piloto de mediaci\u00f3n y la direcci\u00f3n de iniciativas de colaboraci\u00f3n en materia de diversidad e inclusi\u00f3n.<\/p>\n\n\n\n<p>El Sr. Seda, que naci\u00f3 y creci\u00f3 en una vivienda subvencionada por el gobierno en el sur del Bronx, es licenciado por el Columbia College y la Facultad de Derecho de la Universidad de Nueva York. Fue admitido a ejercer la abogac\u00eda en el Estado de Nueva York en 1989 y ha participado activamente en varias asociaciones de abogados durante muchos a\u00f1os. El Sr. Seda fue elegido recientemente Vicepresidente del Colegio de Abogados de Puerto Rico, donde ha formado parte de su Junta Directiva durante los \u00faltimos tres a\u00f1os. Su amplia experiencia legal incluye el trabajo como asistente del fiscal de distrito en el condado de Nueva York, la representaci\u00f3n de los acusados en materia penal durante casi diez a\u00f1os, incluyendo la representaci\u00f3n regular de los acusados indigentes ante el Tribunal de la Comunidad de Midtown, y litigando cientos de casos de agravios durante su empleo en New York City Transit, tratando decenas de casos penales y civiles a veredicto.<\/p>\n\n\n\n<p>Durante casi 30 a\u00f1os, el Sr. Seda form\u00f3 parte del Consejo de Administraci\u00f3n de Avenues for Justice, anteriormente Andrew Glover Youth Program, una organizaci\u00f3n centrada en ofrecer a los j\u00f3venes segundas oportunidades y alternativas al encarcelamiento. Ha recibido el Premio al Logro Comunitario de la Sociedad Cervantes, una organizaci\u00f3n fraternal del Sistema Judicial Unificado, y el Premio a la Excelencia en la Tutor\u00eda de la Asociaci\u00f3n Latinoamericana de Estudiantes de Derecho de la Facultad de Derecho de Brooklyn.<br><\/p>\n\n\n\n<p>Su nombramiento ser\u00e1 efectivo el 7 de diciembre de 2023.<\/p>","protected":false},"featured_media":0,"template":"","class_list":["post-5876","announcement","type-announcement","status-publish","hentry"],"yoast_head":"<!-- This site is optimized with the Yoast SEO plugin v27.4 - https:\/\/yoast.com\/product\/yoast-seo-wordpress\/ -->\n<title>Court System Names Antonio Seda Managing Inspector General for Bias Matters - Puerto Rican Bar Association of New York<\/title>\n<meta name=\"description\" content=\"Antonio Seda has been named as the Managing Inspector General for Bias Matters of the court system\u2019s Office of the Inspector General (OIG)\" \/>\n<meta name=\"robots\" content=\"index, follow, max-snippet:-1, max-image-preview:large, max-video-preview:-1\" \/>\n<link rel=\"canonical\" href=\"https:\/\/prbany.com\/es\/announcement\/court-system-names-antonio-seda-managing-inspector-general-for-bias-matters\/\" \/>\n<meta property=\"og:locale\" content=\"es_ES\" \/>\n<meta property=\"og:type\" content=\"article\" \/>\n<meta property=\"og:title\" content=\"Court System Names Antonio Seda Managing Inspector General for Bias Matters - Puerto Rican Bar Association of New York\" \/>\n<meta property=\"og:description\" content=\"Antonio Seda has been named as the Managing Inspector General for Bias Matters of the court system\u2019s Office of the Inspector General (OIG)\" \/>\n<meta property=\"og:url\" content=\"https:\/\/prbany.com\/es\/announcement\/court-system-names-antonio-seda-managing-inspector-general-for-bias-matters\/\" \/>\n<meta property=\"og:site_name\" content=\"Puerto Rican Bar Association of New York\" \/>\n<meta property=\"article:publisher\" content=\"https:\/\/www.facebook.com\/puertoricanbarassoicationny\/\" \/>\n<meta property=\"article:modified_time\" content=\"2023-11-21T20:15:21+00:00\" \/>\n<meta name=\"twitter:card\" content=\"summary_large_image\" \/>\n<meta name=\"twitter:site\" content=\"@prbany\" \/>\n<meta name=\"twitter:label1\" content=\"Est. reading time\" \/>\n\t<meta name=\"twitter:data1\" content=\"4 minutos\" \/>\n<script type=\"application\/ld+json\" class=\"yoast-schema-graph\">{\"@context\":\"https:\\\/\\\/schema.org\",\"@graph\":[{\"@type\":\"WebPage\",\"@id\":\"https:\\\/\\\/prbany.com\\\/announcement\\\/court-system-names-antonio-seda-managing-inspector-general-for-bias-matters\\\/\",\"url\":\"https:\\\/\\\/prbany.com\\\/announcement\\\/court-system-names-antonio-seda-managing-inspector-general-for-bias-matters\\\/\",\"name\":\"Court System Names Antonio Seda Managing Inspector General for Bias Matters - Puerto Rican Bar Association of New York\",\"isPartOf\":{\"@id\":\"https:\\\/\\\/prbany.com\\\/#website\"},\"datePublished\":\"2023-11-21T20:10:27+00:00\",\"dateModified\":\"2023-11-21T20:15:21+00:00\",\"description\":\"Antonio Seda has been named as the Managing Inspector General for Bias Matters of the court system\u2019s Office of the Inspector General (OIG)\",\"breadcrumb\":{\"@id\":\"https:\\\/\\\/prbany.com\\\/announcement\\\/court-system-names-antonio-seda-managing-inspector-general-for-bias-matters\\\/#breadcrumb\"},\"inLanguage\":\"es\",\"potentialAction\":[{\"@type\":\"ReadAction\",\"target\":[\"https:\\\/\\\/prbany.com\\\/announcement\\\/court-system-names-antonio-seda-managing-inspector-general-for-bias-matters\\\/\"]}]},{\"@type\":\"BreadcrumbList\",\"@id\":\"https:\\\/\\\/prbany.com\\\/announcement\\\/court-system-names-antonio-seda-managing-inspector-general-for-bias-matters\\\/#breadcrumb\",\"itemListElement\":[{\"@type\":\"ListItem\",\"position\":1,\"name\":\"Home\",\"item\":\"https:\\\/\\\/prbany.com\\\/\"},{\"@type\":\"ListItem\",\"position\":2,\"name\":\"Court System Names Antonio Seda Managing Inspector General for Bias Matters\"}]},{\"@type\":\"WebSite\",\"@id\":\"https:\\\/\\\/prbany.com\\\/#website\",\"url\":\"https:\\\/\\\/prbany.com\\\/\",\"name\":\"Puerto Rican Bar Association of New York\",\"description\":\"\",\"publisher\":{\"@id\":\"https:\\\/\\\/prbany.com\\\/#organization\"},\"potentialAction\":[{\"@type\":\"SearchAction\",\"target\":{\"@type\":\"EntryPoint\",\"urlTemplate\":\"https:\\\/\\\/prbany.com\\\/?s={search_term_string}\"},\"query-input\":{\"@type\":\"PropertyValueSpecification\",\"valueRequired\":true,\"valueName\":\"search_term_string\"}}],\"inLanguage\":\"es\"},{\"@type\":\"Organization\",\"@id\":\"https:\\\/\\\/prbany.com\\\/#organization\",\"name\":\"Puerto Rican Bar Association of New York\",\"url\":\"https:\\\/\\\/prbany.com\\\/\",\"logo\":{\"@type\":\"ImageObject\",\"inLanguage\":\"es\",\"@id\":\"https:\\\/\\\/prbany.com\\\/#\\\/schema\\\/logo\\\/image\\\/\",\"url\":\"https:\\\/\\\/prbany.wpenginepowered.com\\\/wp-content\\\/uploads\\\/2023\\\/09\\\/PRBA-Logo1.png\",\"contentUrl\":\"https:\\\/\\\/prbany.wpenginepowered.com\\\/wp-content\\\/uploads\\\/2023\\\/09\\\/PRBA-Logo1.png\",\"width\":563,\"height\":123,\"caption\":\"Puerto Rican Bar Association of New York\"},\"image\":{\"@id\":\"https:\\\/\\\/prbany.com\\\/#\\\/schema\\\/logo\\\/image\\\/\"},\"sameAs\":[\"https:\\\/\\\/www.facebook.com\\\/puertoricanbarassoicationny\\\/\",\"https:\\\/\\\/x.com\\\/prbany\",\"https:\\\/\\\/www.instagram.com\\\/prbany\\\/\"]}]}<\/script>\n<!-- \/ Yoast SEO plugin. -->","yoast_head_json":{"title":"El sistema judicial nombra a Antonio Seda Inspector General para asuntos de parcialidad - Puerto Rican Bar Association of New York","description":"Antonio Seda ha sido nombrado Inspector General para Asuntos de Sesgo de la Oficina del Inspector General (OIG) del sistema judicial.","robots":{"index":"index","follow":"follow","max-snippet":"max-snippet:-1","max-image-preview":"max-image-preview:large","max-video-preview":"max-video-preview:-1"},"canonical":"https:\/\/prbany.com\/es\/announcement\/court-system-names-antonio-seda-managing-inspector-general-for-bias-matters\/","og_locale":"es_ES","og_type":"article","og_title":"Court System Names Antonio Seda Managing Inspector General for Bias Matters - Puerto Rican Bar Association of New York","og_description":"Antonio Seda has been named as the Managing Inspector General for Bias Matters of the court system\u2019s Office of the Inspector General (OIG)","og_url":"https:\/\/prbany.com\/es\/announcement\/court-system-names-antonio-seda-managing-inspector-general-for-bias-matters\/","og_site_name":"Puerto Rican Bar Association of New York","article_publisher":"https:\/\/www.facebook.com\/puertoricanbarassoicationny\/","article_modified_time":"2023-11-21T20:15:21+00:00","twitter_card":"summary_large_image","twitter_site":"@prbany","twitter_misc":{"Est. reading time":"4 minutos"},"schema":{"@context":"https:\/\/schema.org","@graph":[{"@type":"WebPage","@id":"https:\/\/prbany.com\/announcement\/court-system-names-antonio-seda-managing-inspector-general-for-bias-matters\/","url":"https:\/\/prbany.com\/announcement\/court-system-names-antonio-seda-managing-inspector-general-for-bias-matters\/","name":"El sistema judicial nombra a Antonio Seda Inspector General para asuntos de parcialidad - Puerto Rican Bar Association of New York","isPartOf":{"@id":"https:\/\/prbany.com\/#website"},"datePublished":"2023-11-21T20:10:27+00:00","dateModified":"2023-11-21T20:15:21+00:00","description":"Antonio Seda ha sido nombrado Inspector General para Asuntos de Sesgo de la Oficina del Inspector General (OIG) del sistema judicial.","breadcrumb":{"@id":"https:\/\/prbany.com\/announcement\/court-system-names-antonio-seda-managing-inspector-general-for-bias-matters\/#breadcrumb"},"inLanguage":"es","potentialAction":[{"@type":"ReadAction","target":["https:\/\/prbany.com\/announcement\/court-system-names-antonio-seda-managing-inspector-general-for-bias-matters\/"]}]},{"@type":"BreadcrumbList","@id":"https:\/\/prbany.com\/announcement\/court-system-names-antonio-seda-managing-inspector-general-for-bias-matters\/#breadcrumb","itemListElement":[{"@type":"ListItem","position":1,"name":"Home","item":"https:\/\/prbany.com\/"},{"@type":"ListItem","position":2,"name":"Court System Names Antonio Seda Managing Inspector General for Bias Matters"}]},{"@type":"WebSite","@id":"https:\/\/prbany.com\/#website","url":"https:\/\/prbany.com\/","name":"Colegio de Abogados Puertorrique\u00f1os de Nueva York","description":"","publisher":{"@id":"https:\/\/prbany.com\/#organization"},"potentialAction":[{"@type":"SearchAction","target":{"@type":"EntryPoint","urlTemplate":"https:\/\/prbany.com\/?s={search_term_string}"},"query-input":{"@type":"PropertyValueSpecification","valueRequired":true,"valueName":"search_term_string"}}],"inLanguage":"es"},{"@type":"Organization","@id":"https:\/\/prbany.com\/#organization","name":"Colegio de Abogados Puertorrique\u00f1os de Nueva York","url":"https:\/\/prbany.com\/","logo":{"@type":"ImageObject","inLanguage":"es","@id":"https:\/\/prbany.com\/#\/schema\/logo\/image\/","url":"https:\/\/prbany.wpenginepowered.com\/wp-content\/uploads\/2023\/09\/PRBA-Logo1.png","contentUrl":"https:\/\/prbany.wpenginepowered.com\/wp-content\/uploads\/2023\/09\/PRBA-Logo1.png","width":563,"height":123,"caption":"Puerto Rican Bar Association of New York"},"image":{"@id":"https:\/\/prbany.com\/#\/schema\/logo\/image\/"},"sameAs":["https:\/\/www.facebook.com\/puertoricanbarassoicationny\/","https:\/\/x.com\/prbany","https:\/\/www.instagram.com\/prbany\/"]}]}},"_links":{"self":[{"href":"https:\/\/prbany.com\/es\/wp-json\/wp\/v2\/announcement\/5876","targetHints":{"allow":["GET"]}}],"collection":[{"href":"https:\/\/prbany.com\/es\/wp-json\/wp\/v2\/announcement"}],"about":[{"href":"https:\/\/prbany.com\/es\/wp-json\/wp\/v2\/types\/announcement"}],"wp:attachment":[{"href":"https:\/\/prbany.com\/es\/wp-json\/wp\/v2\/media?parent=5876"}],"curies":[{"name":"wp","href":"https:\/\/api.w.org\/{rel}","templated":true}]}}